{"id":1725,"date":"2018-06-04T09:08:00","date_gmt":"2018-06-04T09:08:00","guid":{"rendered":"http:\/\/globaldas.gei.de\/?page_id=1725"},"modified":"2022-12-22T10:27:48","modified_gmt":"2022-12-22T10:27:48","slug":"st-kilians-deutsche-schule-dublin","status":"publish","type":"page","link":"https:\/\/das.gei.de\/?page_id=1725&lang=de","title":{"rendered":"St. Kilian&#8217;s Deutsche Schule Dublin"},"content":{"rendered":"<p><img loading=\"lazy\" decoding=\"async\" class=\"alignleft wp-image-1726 size-full\" src=\"https:\/\/das.gei.de\/wp-content\/uploads\/2018\/06\/StKilians_MasterLogo_Colour-e1498125524266.png\" alt=\"\" width=\"150\" height=\"242\" \/><\/p>\n<p>Die 1952 gegr\u00fcndete deutsch\/irische <strong>St. Kilian&#8217;s\u00a0 Deutsche Schule Dublin<\/strong> ist eine durch europ\u00e4ischen Geist und europ\u00e4ische Kultur gepr\u00e4gte Schule f\u00fcr Sch\u00fcler*innen im Alter von 4-18 Jahren. Sie ist eine koedukative und inter-konfessionelle Schule und umfasst die gesamte schulische Laufbahn vom Kindergarten bis zum Abschlusszeugnis. Benannt wurde sie nach dem irischen Heiligen Kilian, der als Missionar quer durch Europa reiste und dessen Liebe zum Lernen ihn auszeichnete. Die St. Kilian&#8217;s Schule sch\u00e4tzt die Werte und Traditionen der europ\u00e4isch, christlichen Zivilisation.<\/p>\n<p>Alle Sch\u00fcler*innen der St. Kilian&#8217;s Schule werden auf das Irish Junior Certificate und das Abschlusszeugnis vorbereitet. F\u00fcr die Ausbildung in der deutschen Sprache besteht die M\u00f6glichkeit die Pr\u00fcfungen f\u00fcr das Sprachdiplom (Level 1 und 2) der deutschen <em>Kultusministerkonferenz <\/em>(Level A2-C1 europ\u00e4ischer Rahmen f\u00fcr Sprachkompetenzen) abzulegen. Seit dem Schuljahr 2015\/2016 bietet die Schule Lernenden au\u00dferdem die M\u00f6glichkeit den gymnasialen Bildungszweig nach deutschem Lehrplan zu besuchen.<\/p>\n<p>Seit 2005 besteht zwischen der St. Kilian&#8217;s Schule und dem Lyce\u00e9 Francais d\u2019Irlande die offizielle Vereinbarung die Junior Cycle Klassen zu vereinigen und einen Europacampus zu erschaffen. Die in der Lyce\u00e9 Abteilung des Eurocampus angemeldeten Sch\u00fcler*innen haben die M\u00f6glichkeit, die Pr\u00fcfung zum franz\u00f6sischen Dipl\u00f4me National de Brevet (DNB) abzulegen, \u00a0um sich am LFI auf das franz\u00f6sische Baccalaur\u00e9at vorzubereiten.<\/p>\n<p>Zurzeit besuchen etwa 765 Sch\u00fcler*innen aus 34 verschiedenen Nationalit\u00e4ten die Schule.<\/p>\n<p><em>F\u00fcr weitere Informationen besuchen Sie <a href=\"https:\/\/www.kilians.com\/de\/\">https:\/\/www.kilians.com\/de\/<\/a><\/em><\/p>\n","protected":false},"excerpt":{"rendered":"<p>Die 1952 gegr\u00fcndete deutsch\/irische St. Kilian&#8217;s\u00a0 Deutsche Schule Dublin ist eine durch europ\u00e4ischen Geist und europ\u00e4ische Kultur gepr\u00e4gte Schule f\u00fcr Sch\u00fcler*innen im Alter von 4-18 Jahren. Sie ist eine koedukative und inter-konfessionelle Schule und umfasst die gesamte schulische Laufbahn vom Kindergarten bis zum Abschlusszeugnis. Benannt wurde sie nach dem irischen Heiligen Kilian, der als Missionar [&hellip;]<\/p>\n","protected":false},"author":2,"featured_media":0,"parent":0,"menu_order":0,"comment_status":"closed","ping_status":"closed","template":"","meta":{"footnotes":""},"class_list":["post-1725","page","type-page","status-publish","hentry"],"_links":{"self":[{"href":"https:\/\/das.gei.de\/index.php?rest_route=\/wp\/v2\/pages\/1725","targetHints":{"allow":["GET"]}}],"collection":[{"href":"https:\/\/das.gei.de\/index.php?rest_route=\/wp\/v2\/pages"}],"about":[{"href":"https:\/\/das.gei.de\/index.php?rest_route=\/wp\/v2\/types\/page"}],"author":[{"embeddable":true,"href":"https:\/\/das.gei.de\/index.php?rest_route=\/wp\/v2\/users\/2"}],"replies":[{"embeddable":true,"href":"https:\/\/das.gei.de\/index.php?rest_route=%2Fwp%2Fv2%2Fcomments&post=1725"}],"version-history":[{"count":6,"href":"https:\/\/das.gei.de\/index.php?rest_route=\/wp\/v2\/pages\/1725\/revisions"}],"predecessor-version":[{"id":2200,"href":"https:\/\/das.gei.de\/index.php?rest_route=\/wp\/v2\/pages\/1725\/revisions\/2200"}],"wp:attachment":[{"href":"https:\/\/das.gei.de\/index.php?rest_route=%2Fwp%2Fv2%2Fmedia&parent=1725"}],"curies":[{"name":"wp","href":"https:\/\/api.w.org\/{rel}","templated":true}]}}